{"id":138,"date":"2025-09-25T19:38:11","date_gmt":"2025-09-25T17:38:11","guid":{"rendered":"https:\/\/lacucharadeguaro.es\/?page_id=138"},"modified":"2025-12-10T17:37:10","modified_gmt":"2025-12-10T16:37:10","slug":"menu","status":"publish","type":"page","link":"https:\/\/tierray1-cp5034.wordpresstemporal.com\/lacucharadeguaro.es\/menu\/","title":{"rendered":"Men\u00fa"},"content":{"rendered":"<p>[et_pb_section fb_built=\u00bb1&#8243; _builder_version=\u00bb4.27.5&#8243; _module_preset=\u00bbdefault\u00bb use_background_color_gradient=\u00bbon\u00bb background_color_gradient_stops=\u00bbrgba(255,255,255,0.79) 0%|rgba(255,255,255,0.7) 100%\u00bb background_color_gradient_overlays_image=\u00bbon\u00bb background_image=\u00bbhttps:\/\/lacucharadeguaro.es\/wp-content\/uploads\/2025\/09\/Restaurante-la-cuchara-de-guaro-scaled.webp\u00bb parallax=\u00bbon\u00bb global_colors_info=\u00bb{}\u00bb][et_pb_row _builder_version=\u00bb4.27.4&#8243; _module_preset=\u00bbdefault\u00bb global_colors_info=\u00bb{}\u00bb][et_pb_column type=\u00bb4_4&#8243; _builder_version=\u00bb4.27.4&#8243; _module_preset=\u00bbdefault\u00bb pac_dcm_carousel_specific_module_num=\u00bb0&#8243; global_colors_info=\u00bb{}\u00bb][et_pb_heading title=\u00bbNuestro Men\u00fa: Comida Colombiana en Vitoria\u00bb _builder_version=\u00bb4.27.5&#8243; _module_preset=\u00bbdefault\u00bb title_text_align=\u00bbcenter\u00bb custom_margin=\u00bb100px||||false|false\u00bb global_colors_info=\u00bb{}\u00bb][\/et_pb_heading][et_pb_button button_url=\u00bbhttps:\/\/lacucharadeguaro.es\/wp-content\/uploads\/2025\/12\/Menu-colombiano.pdf\u00bb url_new_window=\u00bbon\u00bb button_text=\u00bbMen\u00fa en PDF\u00bb button_alignment=\u00bbcenter\u00bb _builder_version=\u00bb4.27.5&#8243; _module_preset=\u00bbdefault\u00bb custom_button=\u00bbon\u00bb button_text_size=\u00bb16px\u00bb button_text_color=\u00bb#ffffff\u00bb button_bg_color=\u00bb#0033a0&#8243; button_border_width=\u00bb0px\u00bb button_border_color=\u00bbrgba(0,0,0,0)\u00bb button_border_radius=\u00bb3px\u00bb button_letter_spacing=\u00bb2px\u00bb button_font=\u00bb&#8211;et_global_body_font|500||on|||||\u00bb button_use_icon=\u00bboff\u00bb custom_margin_last_edited=\u00bboff|desktop\u00bb custom_padding=\u00bb8px|100px|8px|100px|true|true\u00bb custom_padding_tablet=\u00bb8px|100px|8px|100px|true|true\u00bb custom_padding_phone=\u00bb|70px||70px|true|true\u00bb custom_padding_last_edited=\u00bbon|phone\u00bb box_shadow_style=\u00bbpreset1&#8243; box_shadow_vertical=\u00bb10px\u00bb box_shadow_blur=\u00bb20px\u00bb box_shadow_color=\u00bbrgba(21,195,154,0.3)\u00bb locked=\u00bboff\u00bb global_colors_info=\u00bb{}\u00bb button_letter_spacing__hover=\u00bb2px\u00bb button_letter_spacing__hover_enabled=\u00bbon\u00bb][\/et_pb_button][\/et_pb_column][\/et_pb_row][et_pb_row _builder_version=\u00bb4.27.4&#8243; _module_preset=\u00bbdefault\u00bb global_colors_info=\u00bb{}\u00bb][et_pb_column type=\u00bb4_4&#8243; _builder_version=\u00bb4.27.4&#8243; _module_preset=\u00bbdefault\u00bb pac_dcm_carousel_specific_module_num=\u00bb0&#8243; global_colors_info=\u00bb{}\u00bb][et_pb_heading title=\u00bb\ud83e\udd5f Picoteo colombiano\u00bb _builder_version=\u00bb4.27.5&#8243; _module_preset=\u00bbdefault\u00bb title_level=\u00bbh2&#8243; title_text_align=\u00bbcenter\u00bb custom_margin=\u00bb30px||30px||true|false\u00bb hover_enabled=\u00bb0&#8243; global_colors_info=\u00bb{}\u00bb sticky_enabled=\u00bb0&#8243;][\/et_pb_heading][\/et_pb_column][\/et_pb_row][et_pb_row column_structure=\u00bb1_3,1_3,1_3&#8243; _builder_version=\u00bb4.27.4&#8243; _module_preset=\u00bbdefault\u00bb global_colors_info=\u00bb{}\u00bb][et_pb_column type=\u00bb1_3&#8243; _builder_version=\u00bb4.27.4&#8243; _module_preset=\u00bbdefault\u00bb pac_dcm_carousel_specific_module_num=\u00bb0&#8243; global_colors_info=\u00bb{}\u00bb][et_pb_heading title=\u00bbBu\u00f1uelos\u00bb _builder_version=\u00bb4.27.5&#8243; _module_preset=\u00bbdefault\u00bb title_level=\u00bbh3&#8243; title_text_align=\u00bbcenter\u00bb custom_margin=\u00bb||5px||false|false\u00bb hover_enabled=\u00bb0&#8243; global_colors_info=\u00bb{}\u00bb sticky_enabled=\u00bb0&#8243;][\/et_pb_heading][et_pb_image src=\u00bbhttps:\/\/lacucharadeguaro.es\/wp-content\/uploads\/2025\/12\/Bunuelos.webp\u00bb alt=\u00bbBu\u00f1uelos\u00bb title_text=\u00bbBu\u00f1uelos\u00bb _builder_version=\u00bb4.27.5&#8243; _module_preset=\u00bbdefault\u00bb custom_margin=\u00bb||5px||false|false\u00bb hover_enabled=\u00bb0&#8243; global_colors_info=\u00bb{}\u00bb sticky_enabled=\u00bb0&#8243;][\/et_pb_image][et_pb_text _builder_version=\u00bb4.27.5&#8243; _module_preset=\u00bbdefault\u00bb text_orientation=\u00bbcenter\u00bb custom_margin=\u00bb||||false|false\u00bb custom_padding=\u00bb||||false|false\u00bb hover_enabled=\u00bb0&#8243; global_colors_info=\u00bb{}\u00bb sticky_enabled=\u00bb0&#8243;](Bolitas fritas de masa con queso, muy comunes en Colombia)[\/et_pb_text][\/et_pb_column][et_pb_column type=\u00bb1_3&#8243; _builder_version=\u00bb4.27.4&#8243; _module_preset=\u00bbdefault\u00bb pac_dcm_carousel_specific_module_num=\u00bb0&#8243; global_colors_info=\u00bb{}\u00bb][et_pb_heading title=\u00bbsalchich\u00f3n cervecero\u00bb _builder_version=\u00bb4.27.5&#8243; _module_preset=\u00bbdefault\u00bb title_level=\u00bbh3&#8243; title_text_align=\u00bbcenter\u00bb custom_margin=\u00bb||5px||false|false\u00bb hover_enabled=\u00bb0&#8243; global_colors_info=\u00bb{}\u00bb sticky_enabled=\u00bb0&#8243;][\/et_pb_heading][et_pb_image src=\u00bbhttps:\/\/lacucharadeguaro.es\/wp-content\/uploads\/2025\/12\/salchichon-cervecero-o-mortadela-gruesa-frita-con-arepita-amarilla.webp\u00bb alt=\u00bbSalchich\u00f3n cervecero o mortadela gruesa frita con arepita amarilla\u00bb title_text=\u00bbSalchich\u00f3n cervecero o mortadela gruesa frita con arepita amarilla\u00bb _builder_version=\u00bb4.27.5&#8243; _module_preset=\u00bbdefault\u00bb custom_margin=\u00bb||5px||false|false\u00bb hover_enabled=\u00bb0&#8243; global_colors_info=\u00bb{}\u00bb sticky_enabled=\u00bb0&#8243;][\/et_pb_image][et_pb_text _builder_version=\u00bb4.27.5&#8243; _module_preset=\u00bbdefault\u00bb text_orientation=\u00bbcenter\u00bb custom_margin=\u00bb||||false|false\u00bb custom_padding=\u00bb||||false|false\u00bb hover_enabled=\u00bb0&#8243; global_colors_info=\u00bb{}\u00bb sticky_enabled=\u00bb0&#8243;](Mortadela gruesa frita sobre arepita amarilla)[\/et_pb_text][\/et_pb_column][et_pb_column type=\u00bb1_3&#8243; _builder_version=\u00bb4.27.4&#8243; _module_preset=\u00bbdefault\u00bb pac_dcm_carousel_specific_module_num=\u00bb0&#8243; global_colors_info=\u00bb{}\u00bb][et_pb_heading title=\u00bbPapa rellena\u00bb _builder_version=\u00bb4.27.5&#8243; _module_preset=\u00bbdefault\u00bb title_level=\u00bbh3&#8243; title_text_align=\u00bbcenter\u00bb custom_margin=\u00bb||5px||false|false\u00bb hover_enabled=\u00bb0&#8243; global_colors_info=\u00bb{}\u00bb sticky_enabled=\u00bb0&#8243;][\/et_pb_heading][et_pb_image src=\u00bbhttps:\/\/lacucharadeguaro.es\/wp-content\/uploads\/2025\/12\/Papa-rellena.webp\u00bb alt=\u00bbPapa rellena\u00bb title_text=\u00bbPapa rellena\u00bb _builder_version=\u00bb4.27.5&#8243; _module_preset=\u00bbdefault\u00bb custom_margin=\u00bb||5px||false|false\u00bb hover_enabled=\u00bb0&#8243; global_colors_info=\u00bb{}\u00bb sticky_enabled=\u00bb0&#8243;][\/et_pb_image][et_pb_text _builder_version=\u00bb4.27.5&#8243; _module_preset=\u00bbdefault\u00bb text_orientation=\u00bbcenter\u00bb custom_margin=\u00bb||||false|false\u00bb custom_padding=\u00bb||||false|false\u00bb hover_enabled=\u00bb0&#8243; global_colors_info=\u00bb{}\u00bb sticky_enabled=\u00bb0&#8243;](Papa empanada y frita, rellena de carne, arroz y huevo)[\/et_pb_text][\/et_pb_column][\/et_pb_row][et_pb_row column_structure=\u00bb1_3,1_3,1_3&#8243; _builder_version=\u00bb4.27.4&#8243; _module_preset=\u00bbdefault\u00bb global_colors_info=\u00bb{}\u00bb][et_pb_column type=\u00bb1_3&#8243; _builder_version=\u00bb4.27.4&#8243; _module_preset=\u00bbdefault\u00bb pac_dcm_carousel_specific_module_num=\u00bb0&#8243; global_colors_info=\u00bb{}\u00bb][\/et_pb_column][et_pb_column type=\u00bb1_3&#8243; _builder_version=\u00bb4.27.4&#8243; _module_preset=\u00bbdefault\u00bb pac_dcm_carousel_specific_module_num=\u00bb0&#8243; global_colors_info=\u00bb{}\u00bb][et_pb_heading title=\u00bbPalito o salchicha apanada\u00bb _builder_version=\u00bb4.27.5&#8243; _module_preset=\u00bbdefault\u00bb title_level=\u00bbh3&#8243; title_text_align=\u00bbcenter\u00bb custom_margin=\u00bb||5px||false|false\u00bb hover_enabled=\u00bb0&#8243; global_colors_info=\u00bb{}\u00bb sticky_enabled=\u00bb0&#8243;][\/et_pb_heading][et_pb_image src=\u00bbhttps:\/\/lacucharadeguaro.es\/wp-content\/uploads\/2025\/12\/palito-o-salchicha-apanada.webp\u00bb alt=\u00bbPalito o salchicha apanada\u00bb title_text=\u00bbPalito o salchicha apanada\u00bb _builder_version=\u00bb4.27.5&#8243; _module_preset=\u00bbdefault\u00bb custom_margin=\u00bb||5px||false|false\u00bb hover_enabled=\u00bb0&#8243; global_colors_info=\u00bb{}\u00bb sticky_enabled=\u00bb0&#8243;][\/et_pb_image][et_pb_text _builder_version=\u00bb4.27.5&#8243; _module_preset=\u00bbdefault\u00bb text_orientation=\u00bbcenter\u00bb custom_margin=\u00bb||||false|false\u00bb custom_padding=\u00bb||||false|false\u00bb hover_enabled=\u00bb0&#8243; global_colors_info=\u00bb{}\u00bb sticky_enabled=\u00bb0&#8243;](Salchicha recubierta con una capa de apanado crujiente, hecha con mezcla de harina, huevo y pan rallado)[\/et_pb_text][\/et_pb_column][et_pb_column type=\u00bb1_3&#8243; _builder_version=\u00bb4.27.4&#8243; _module_preset=\u00bbdefault\u00bb pac_dcm_carousel_specific_module_num=\u00bb0&#8243; global_colors_info=\u00bb{}\u00bb][\/et_pb_column][\/et_pb_row][et_pb_row _builder_version=\u00bb4.27.4&#8243; _module_preset=\u00bbdefault\u00bb global_colors_info=\u00bb{}\u00bb][et_pb_column type=\u00bb4_4&#8243; _builder_version=\u00bb4.27.4&#8243; _module_preset=\u00bbdefault\u00bb pac_dcm_carousel_specific_module_num=\u00bb0&#8243; global_colors_info=\u00bb{}\u00bb][et_pb_heading title=\u00bb\ud83c\udf56 Nuestros Platos Principales\u00bb _builder_version=\u00bb4.27.5&#8243; _module_preset=\u00bbdefault\u00bb title_level=\u00bbh2&#8243; title_text_align=\u00bbcenter\u00bb custom_margin=\u00bb30px||30px||true|false\u00bb global_colors_info=\u00bb{}\u00bb][\/et_pb_heading][et_pb_text _builder_version=\u00bb4.27.5&#8243; _module_preset=\u00bbdefault\u00bb global_colors_info=\u00bb{}\u00bb]<\/p>\n<p>Nuestra carta re\u00fane platos tradicionales de Colombia preparados de forma casera: <strong data-start=\"625\" data-end=\"642\">bandeja paisa<\/strong>, <strong data-start=\"644\" data-end=\"656\">sancocho<\/strong>, <strong data-start=\"658\" data-end=\"683\">empanadas colombianas<\/strong>&#8230; Recetas familiares, ingredientes locales y sabores festivos de Antioquia y Tolima.<\/p>\n<p>[\/et_pb_text][\/et_pb_column][\/et_pb_row][et_pb_row column_structure=\u00bb1_3,1_3,1_3&#8243; _builder_version=\u00bb4.27.4&#8243; _module_preset=\u00bbdefault\u00bb global_colors_info=\u00bb{}\u00bb][et_pb_column type=\u00bb1_3&#8243; _builder_version=\u00bb4.27.4&#8243; _module_preset=\u00bbdefault\u00bb pac_dcm_carousel_specific_module_num=\u00bb0&#8243; global_colors_info=\u00bb{}\u00bb][et_pb_heading title=\u00bbBandeja paisa\u00bb _builder_version=\u00bb4.27.4&#8243; _module_preset=\u00bbdefault\u00bb title_level=\u00bbh3&#8243; title_text_align=\u00bbcenter\u00bb custom_margin=\u00bb||5px||false|false\u00bb global_colors_info=\u00bb{}\u00bb][\/et_pb_heading][et_pb_image src=\u00bbhttps:\/\/lacucharadeguaro.es\/wp-content\/uploads\/2025\/12\/Bandeja-Paisa.webp\u00bb alt=\u00bbBandeja Paisa\u00bb title_text=\u00bbBandeja Paisa\u00bb _builder_version=\u00bb4.27.5&#8243; _module_preset=\u00bbdefault\u00bb custom_margin=\u00bb||5px||false|false\u00bb global_colors_info=\u00bb{}\u00bb][\/et_pb_image][et_pb_text _builder_version=\u00bb4.27.4&#8243; _module_preset=\u00bbdefault\u00bb text_orientation=\u00bbcenter\u00bb custom_margin=\u00bb||||false|false\u00bb custom_padding=\u00bb||||false|false\u00bb global_colors_info=\u00bb{}\u00bb](arroz, fr\u00edjoles, carne molida, huevo, chicharr\u00f3n, pl\u00e1tano, arepa, aguacate, chorizo)[\/et_pb_text][\/et_pb_column][et_pb_column type=\u00bb1_3&#8243; _builder_version=\u00bb4.27.4&#8243; _module_preset=\u00bbdefault\u00bb pac_dcm_carousel_specific_module_num=\u00bb0&#8243; global_colors_info=\u00bb{}\u00bb][et_pb_heading title=\u00bbSancocho\u00bb _builder_version=\u00bb4.27.5&#8243; _module_preset=\u00bbdefault\u00bb title_level=\u00bbh3&#8243; title_text_align=\u00bbcenter\u00bb custom_margin=\u00bb||5px||false|false\u00bb global_colors_info=\u00bb{}\u00bb][\/et_pb_heading][et_pb_image src=\u00bbhttps:\/\/lacucharadeguaro.es\/wp-content\/uploads\/2025\/12\/Sancocho.webp\u00bb alt=\u00bbSancocho\u00bb title_text=\u00bbSancocho\u00bb _builder_version=\u00bb4.27.5&#8243; _module_preset=\u00bbdefault\u00bb custom_margin=\u00bb||5px||false|false\u00bb global_colors_info=\u00bb{}\u00bb][\/et_pb_image][et_pb_text _builder_version=\u00bb4.27.5&#8243; _module_preset=\u00bbdefault\u00bb text_orientation=\u00bbcenter\u00bb custom_margin=\u00bb||||false|false\u00bb custom_padding=\u00bb||||false|false\u00bb global_colors_info=\u00bb{}\u00bb](Caldo espeso con yuca, pl\u00e1tano, papa y carne)[\/et_pb_text][\/et_pb_column][et_pb_column type=\u00bb1_3&#8243; _builder_version=\u00bb4.27.4&#8243; _module_preset=\u00bbdefault\u00bb pac_dcm_carousel_specific_module_num=\u00bb0&#8243; global_colors_info=\u00bb{}\u00bb][et_pb_heading title=\u00bbDorada frita\u00bb _builder_version=\u00bb4.27.5&#8243; _module_preset=\u00bbdefault\u00bb title_level=\u00bbh3&#8243; title_text_align=\u00bbcenter\u00bb custom_margin=\u00bb||5px||false|false\u00bb global_colors_info=\u00bb{}\u00bb][\/et_pb_heading][et_pb_image src=\u00bbhttps:\/\/lacucharadeguaro.es\/wp-content\/uploads\/2025\/12\/Dorada-Frita.webp\u00bb alt=\u00bbDorada Frita\u00bb title_text=\u00bbDorada Frita\u00bb _builder_version=\u00bb4.27.5&#8243; _module_preset=\u00bbdefault\u00bb custom_margin=\u00bb||5px||false|false\u00bb global_colors_info=\u00bb{}\u00bb][\/et_pb_image][et_pb_text _builder_version=\u00bb4.27.5&#8243; _module_preset=\u00bbdefault\u00bb text_orientation=\u00bbcenter\u00bb custom_margin=\u00bb||||false|false\u00bb custom_padding=\u00bb||||false|false\u00bb hover_enabled=\u00bb0&#8243; global_colors_info=\u00bb{}\u00bb sticky_enabled=\u00bb0&#8243;]<\/p>\n<p>(Dorada frita con arroz, papas fritas y ensalada)<\/p>\n<p>[\/et_pb_text][\/et_pb_column][\/et_pb_row][et_pb_row column_structure=\u00bb1_3,1_3,1_3&#8243; _builder_version=\u00bb4.27.4&#8243; _module_preset=\u00bbdefault\u00bb global_colors_info=\u00bb{}\u00bb][et_pb_column type=\u00bb1_3&#8243; _builder_version=\u00bb4.27.4&#8243; _module_preset=\u00bbdefault\u00bb pac_dcm_carousel_specific_module_num=\u00bb0&#8243; global_colors_info=\u00bb{}\u00bb][et_pb_heading title=\u00bbChuleta de cerdo\u00bb _builder_version=\u00bb4.27.5&#8243; _module_preset=\u00bbdefault\u00bb title_level=\u00bbh3&#8243; title_text_align=\u00bbcenter\u00bb custom_margin=\u00bb||5px||false|false\u00bb global_colors_info=\u00bb{}\u00bb][\/et_pb_heading][et_pb_image src=\u00bbhttps:\/\/lacucharadeguaro.es\/wp-content\/uploads\/2025\/12\/Chuleta-de-cerdo.webp\u00bb alt=\u00bbChuleta de cerdo\u00bb title_text=\u00bbChuleta de cerdo\u00bb _builder_version=\u00bb4.27.5&#8243; _module_preset=\u00bbdefault\u00bb custom_margin=\u00bb||5px||false|false\u00bb global_colors_info=\u00bb{}\u00bb][\/et_pb_image][et_pb_text _builder_version=\u00bb4.27.5&#8243; _module_preset=\u00bbdefault\u00bb text_orientation=\u00bbcenter\u00bb custom_margin=\u00bb||||false|false\u00bb custom_padding=\u00bb||||false|false\u00bb hover_enabled=\u00bb0&#8243; global_colors_info=\u00bb{}\u00bb sticky_enabled=\u00bb0&#8243;]<\/p>\n<p>(Chuleta de cerdo con arroz, papas fritas y ensalada con huevo duro)<\/p>\n<p>[\/et_pb_text][\/et_pb_column][et_pb_column type=\u00bb1_3&#8243; _builder_version=\u00bb4.27.4&#8243; _module_preset=\u00bbdefault\u00bb pac_dcm_carousel_specific_module_num=\u00bb0&#8243; global_colors_info=\u00bb{}\u00bb][et_pb_heading title=\u00bbFilete apanado\u00bb _builder_version=\u00bb4.27.5&#8243; _module_preset=\u00bbdefault\u00bb title_level=\u00bbh3&#8243; title_text_align=\u00bbcenter\u00bb custom_margin=\u00bb||5px||false|false\u00bb global_colors_info=\u00bb{}\u00bb][\/et_pb_heading][et_pb_image src=\u00bbhttps:\/\/lacucharadeguaro.es\/wp-content\/uploads\/2025\/12\/Filete-apanado.webp\u00bb alt=\u00bbFilete apanado\u00bb title_text=\u00bbFilete apanado\u00bb _builder_version=\u00bb4.27.5&#8243; _module_preset=\u00bbdefault\u00bb custom_margin=\u00bb||5px||false|false\u00bb global_colors_info=\u00bb{}\u00bb][\/et_pb_image][et_pb_text _builder_version=\u00bb4.27.5&#8243; _module_preset=\u00bbdefault\u00bb text_orientation=\u00bbcenter\u00bb custom_margin=\u00bb||||false|false\u00bb custom_padding=\u00bb||||false|false\u00bb global_colors_info=\u00bb{}\u00bb](Filete de ternera apanado con arroz, papas fritas y ensalada con huevo duro)[\/et_pb_text][\/et_pb_column][et_pb_column type=\u00bb1_3&#8243; _builder_version=\u00bb4.27.4&#8243; _module_preset=\u00bbdefault\u00bb pac_dcm_carousel_specific_module_num=\u00bb0&#8243; global_colors_info=\u00bb{}\u00bb][\/et_pb_column][\/et_pb_row][et_pb_row _builder_version=\u00bb4.27.5&#8243; _module_preset=\u00bbdefault\u00bb global_colors_info=\u00bb{}\u00bb][et_pb_column type=\u00bb4_4&#8243; _builder_version=\u00bb4.27.5&#8243; _module_preset=\u00bbdefault\u00bb pac_dcm_carousel_specific_module_num=\u00bb0&#8243; global_colors_info=\u00bb{}\u00bb][et_pb_text _builder_version=\u00bb4.27.5&#8243; _module_preset=\u00bbdefault\u00bb global_colors_info=\u00bb{}\u00bb]<\/p>\n<p><strong data-start=\"299\" data-end=\"328\">Al\u00e9rgenos e intolerancias<\/strong><br data-start=\"328\" data-end=\"331\" \/>Si tienes alergias o intolerancias, av\u00edsanos antes de pedir. Indicamos los al\u00e9rgenos de cada plato y podemos adaptar preparaciones cuando sea posible (sin gluten, l\u00e1cteos, frutos secos, etc.). Nuestros platos se elaboran en cocina con presencia de posibles trazas.<\/p>\n<p>&nbsp;<\/p>\n<p><strong data-start=\"672\" data-end=\"697\">Ingredientes y origen<\/strong><br data-start=\"697\" data-end=\"700\" \/>Usamos productos locales y especias tradicionales colombianas (comino, hogao, achiote) siguiendo recetas familiares de Antioquia y Tolima. Preparaci\u00f3n casera y cocci\u00f3n lenta en los platos de cuchara.<\/p>\n<p>[\/et_pb_text][\/et_pb_column][\/et_pb_row][\/et_pb_section]<\/p>\n","protected":false},"excerpt":{"rendered":"<p>(Bolitas fritas de masa con queso, muy comunes en Colombia)(Mortadela gruesa frita sobre arepita amarilla)(Papa empanada y frita, rellena de carne, arroz y huevo)(Salchicha recubierta con una capa de apanado crujiente, hecha con mezcla de harina, huevo y pan rallado)Nuestra carta re\u00fane platos tradicionales de Colombia preparados de forma casera: bandeja paisa, sancocho, empanadas colombianas&#8230; [&hellip;]<\/p>\n","protected":false},"author":1,"featured_media":242,"parent":0,"menu_order":0,"comment_status":"closed","ping_status":"closed","template":"","meta":{"_et_pb_use_builder":"on","_et_pb_old_content":"","_et_gb_content_width":"","footnotes":""},"class_list":["post-138","page","type-page","status-publish","has-post-thumbnail","hentry"],"yoast_head":"<!-- This site is optimized with the Yoast SEO plugin v28.3 - https:\/\/yoast.com\/product\/yoast-seo-wordpress\/ -->\n<title>Nuestro Men\u00fa de Comida Colombiana Tradicional y Casera<\/title>\n<meta name=\"description\" content=\"Explora nuestro men\u00fa colombiano con platos t\u00edpicos, almuerzos caseros, sopas, carnes, pescados y especialidades tradicionales llenas de sabor\" \/>\n<meta name=\"robots\" content=\"index, follow, max-snippet:-1, max-image-preview:large, max-video-preview:-1\" \/>\n<link rel=\"canonical\" href=\"https:\/\/lacucharadeguaro.es\/menu\/\" \/>\n<meta property=\"og:locale\" content=\"es_ES\" \/>\n<meta property=\"og:type\" content=\"article\" \/>\n<meta property=\"og:title\" content=\"Nuestro Men\u00fa de Comida Colombiana Tradicional y Casera\" \/>\n<meta property=\"og:description\" content=\"Explora nuestro men\u00fa colombiano con platos t\u00edpicos, almuerzos caseros, sopas, carnes, pescados y especialidades tradicionales llenas de sabor\" \/>\n<meta property=\"og:url\" content=\"https:\/\/lacucharadeguaro.es\/menu\/\" \/>\n<meta property=\"og:site_name\" content=\"La Cuchara de Guaro\" \/>\n<meta property=\"article:modified_time\" content=\"2025-12-10T16:37:10+00:00\" \/>\n<meta property=\"og:image\" content=\"https:\/\/lacucharadeguaro.es\/wp-content\/uploads\/2025\/12\/menu-comida-colombiana-tradicional.webp\" \/>\n\t<meta property=\"og:image:width\" content=\"1920\" \/>\n\t<meta property=\"og:image:height\" content=\"1080\" \/>\n\t<meta property=\"og:image:type\" content=\"image\/webp\" \/>\n<meta name=\"twitter:card\" content=\"summary_large_image\" \/>\n<meta name=\"twitter:label1\" content=\"Tiempo de lectura\" \/>\n\t<meta name=\"twitter:data1\" content=\"2 minutos\" \/>\n<script type=\"application\/ld+json\" class=\"yoast-schema-graph\">{\"@context\":\"https:\\\/\\\/schema.org\",\"@graph\":[{\"@type\":\"WebPage\",\"@id\":\"https:\\\/\\\/lacucharadeguaro.es\\\/menu\\\/\",\"url\":\"https:\\\/\\\/lacucharadeguaro.es\\\/menu\\\/\",\"name\":\"Nuestro Men\u00fa de Comida Colombiana Tradicional y Casera\",\"isPartOf\":{\"@id\":\"https:\\\/\\\/lacucharadeguaro.es\\\/#website\"},\"primaryImageOfPage\":{\"@id\":\"https:\\\/\\\/lacucharadeguaro.es\\\/menu\\\/#primaryimage\"},\"image\":{\"@id\":\"https:\\\/\\\/lacucharadeguaro.es\\\/menu\\\/#primaryimage\"},\"thumbnailUrl\":\"https:\\\/\\\/tierray1-cp5034.wordpresstemporal.com\\\/lacucharadeguaro.es\\\/wp-content\\\/uploads\\\/2025\\\/12\\\/menu-comida-colombiana-tradicional.webp\",\"datePublished\":\"2025-09-25T17:38:11+00:00\",\"dateModified\":\"2025-12-10T16:37:10+00:00\",\"description\":\"Explora nuestro men\u00fa colombiano con platos t\u00edpicos, almuerzos caseros, sopas, carnes, pescados y especialidades tradicionales llenas de sabor\",\"breadcrumb\":{\"@id\":\"https:\\\/\\\/lacucharadeguaro.es\\\/menu\\\/#breadcrumb\"},\"inLanguage\":\"es\",\"potentialAction\":[{\"@type\":\"ReadAction\",\"target\":[\"https:\\\/\\\/lacucharadeguaro.es\\\/menu\\\/\"]}]},{\"@type\":\"ImageObject\",\"inLanguage\":\"es\",\"@id\":\"https:\\\/\\\/lacucharadeguaro.es\\\/menu\\\/#primaryimage\",\"url\":\"https:\\\/\\\/tierray1-cp5034.wordpresstemporal.com\\\/lacucharadeguaro.es\\\/wp-content\\\/uploads\\\/2025\\\/12\\\/menu-comida-colombiana-tradicional.webp\",\"contentUrl\":\"https:\\\/\\\/tierray1-cp5034.wordpresstemporal.com\\\/lacucharadeguaro.es\\\/wp-content\\\/uploads\\\/2025\\\/12\\\/menu-comida-colombiana-tradicional.webp\",\"width\":1920,\"height\":1080,\"caption\":\"Men\u00fa de Comida Colombiana Tradicional y Casera\"},{\"@type\":\"BreadcrumbList\",\"@id\":\"https:\\\/\\\/lacucharadeguaro.es\\\/menu\\\/#breadcrumb\",\"itemListElement\":[{\"@type\":\"ListItem\",\"position\":1,\"name\":\"Portada\",\"item\":\"https:\\\/\\\/lacucharadeguaro.es\\\/\"},{\"@type\":\"ListItem\",\"position\":2,\"name\":\"Men\u00fa\"}]},{\"@type\":\"WebSite\",\"@id\":\"https:\\\/\\\/lacucharadeguaro.es\\\/#website\",\"url\":\"https:\\\/\\\/lacucharadeguaro.es\\\/\",\"name\":\"La Cuchara de Guaro\",\"description\":\"\",\"potentialAction\":[{\"@type\":\"SearchAction\",\"target\":{\"@type\":\"EntryPoint\",\"urlTemplate\":\"https:\\\/\\\/lacucharadeguaro.es\\\/?s={search_term_string}\"},\"query-input\":{\"@type\":\"PropertyValueSpecification\",\"valueRequired\":true,\"valueName\":\"search_term_string\"}}],\"inLanguage\":\"es\"}]}<\/script>\n<!-- \/ Yoast SEO plugin. -->","yoast_head_json":{"title":"Nuestro Men\u00fa de Comida Colombiana Tradicional y Casera","description":"Explora nuestro men\u00fa colombiano con platos t\u00edpicos, almuerzos caseros, sopas, carnes, pescados y especialidades tradicionales llenas de sabor","robots":{"index":"index","follow":"follow","max-snippet":"max-snippet:-1","max-image-preview":"max-image-preview:large","max-video-preview":"max-video-preview:-1"},"canonical":"https:\/\/lacucharadeguaro.es\/menu\/","og_locale":"es_ES","og_type":"article","og_title":"Nuestro Men\u00fa de Comida Colombiana Tradicional y Casera","og_description":"Explora nuestro men\u00fa colombiano con platos t\u00edpicos, almuerzos caseros, sopas, carnes, pescados y especialidades tradicionales llenas de sabor","og_url":"https:\/\/lacucharadeguaro.es\/menu\/","og_site_name":"La Cuchara de Guaro","article_modified_time":"2025-12-10T16:37:10+00:00","og_image":[{"width":1920,"height":1080,"url":"https:\/\/lacucharadeguaro.es\/wp-content\/uploads\/2025\/12\/menu-comida-colombiana-tradicional.webp","type":"image\/webp"}],"twitter_card":"summary_large_image","twitter_misc":{"Tiempo de lectura":"2 minutos"},"schema":{"@context":"https:\/\/schema.org","@graph":[{"@type":"WebPage","@id":"https:\/\/lacucharadeguaro.es\/menu\/","url":"https:\/\/lacucharadeguaro.es\/menu\/","name":"Nuestro Men\u00fa de Comida Colombiana Tradicional y Casera","isPartOf":{"@id":"https:\/\/lacucharadeguaro.es\/#website"},"primaryImageOfPage":{"@id":"https:\/\/lacucharadeguaro.es\/menu\/#primaryimage"},"image":{"@id":"https:\/\/lacucharadeguaro.es\/menu\/#primaryimage"},"thumbnailUrl":"https:\/\/tierray1-cp5034.wordpresstemporal.com\/lacucharadeguaro.es\/wp-content\/uploads\/2025\/12\/menu-comida-colombiana-tradicional.webp","datePublished":"2025-09-25T17:38:11+00:00","dateModified":"2025-12-10T16:37:10+00:00","description":"Explora nuestro men\u00fa colombiano con platos t\u00edpicos, almuerzos caseros, sopas, carnes, pescados y especialidades tradicionales llenas de sabor","breadcrumb":{"@id":"https:\/\/lacucharadeguaro.es\/menu\/#breadcrumb"},"inLanguage":"es","potentialAction":[{"@type":"ReadAction","target":["https:\/\/lacucharadeguaro.es\/menu\/"]}]},{"@type":"ImageObject","inLanguage":"es","@id":"https:\/\/lacucharadeguaro.es\/menu\/#primaryimage","url":"https:\/\/tierray1-cp5034.wordpresstemporal.com\/lacucharadeguaro.es\/wp-content\/uploads\/2025\/12\/menu-comida-colombiana-tradicional.webp","contentUrl":"https:\/\/tierray1-cp5034.wordpresstemporal.com\/lacucharadeguaro.es\/wp-content\/uploads\/2025\/12\/menu-comida-colombiana-tradicional.webp","width":1920,"height":1080,"caption":"Men\u00fa de Comida Colombiana Tradicional y Casera"},{"@type":"BreadcrumbList","@id":"https:\/\/lacucharadeguaro.es\/menu\/#breadcrumb","itemListElement":[{"@type":"ListItem","position":1,"name":"Portada","item":"https:\/\/lacucharadeguaro.es\/"},{"@type":"ListItem","position":2,"name":"Men\u00fa"}]},{"@type":"WebSite","@id":"https:\/\/lacucharadeguaro.es\/#website","url":"https:\/\/lacucharadeguaro.es\/","name":"La Cuchara de Guaro","description":"","potentialAction":[{"@type":"SearchAction","target":{"@type":"EntryPoint","urlTemplate":"https:\/\/lacucharadeguaro.es\/?s={search_term_string}"},"query-input":{"@type":"PropertyValueSpecification","valueRequired":true,"valueName":"search_term_string"}}],"inLanguage":"es"}]}},"_links":{"self":[{"href":"https:\/\/tierray1-cp5034.wordpresstemporal.com\/lacucharadeguaro.es\/wp-json\/wp\/v2\/pages\/138","targetHints":{"allow":["GET"]}}],"collection":[{"href":"https:\/\/tierray1-cp5034.wordpresstemporal.com\/lacucharadeguaro.es\/wp-json\/wp\/v2\/pages"}],"about":[{"href":"https:\/\/tierray1-cp5034.wordpresstemporal.com\/lacucharadeguaro.es\/wp-json\/wp\/v2\/types\/page"}],"author":[{"embeddable":true,"href":"https:\/\/tierray1-cp5034.wordpresstemporal.com\/lacucharadeguaro.es\/wp-json\/wp\/v2\/users\/1"}],"replies":[{"embeddable":true,"href":"https:\/\/tierray1-cp5034.wordpresstemporal.com\/lacucharadeguaro.es\/wp-json\/wp\/v2\/comments?post=138"}],"version-history":[{"count":17,"href":"https:\/\/tierray1-cp5034.wordpresstemporal.com\/lacucharadeguaro.es\/wp-json\/wp\/v2\/pages\/138\/revisions"}],"predecessor-version":[{"id":254,"href":"https:\/\/tierray1-cp5034.wordpresstemporal.com\/lacucharadeguaro.es\/wp-json\/wp\/v2\/pages\/138\/revisions\/254"}],"wp:featuredmedia":[{"embeddable":true,"href":"https:\/\/tierray1-cp5034.wordpresstemporal.com\/lacucharadeguaro.es\/wp-json\/wp\/v2\/media\/242"}],"wp:attachment":[{"href":"https:\/\/tierray1-cp5034.wordpresstemporal.com\/lacucharadeguaro.es\/wp-json\/wp\/v2\/media?parent=138"}],"curies":[{"name":"wp","href":"https:\/\/api.w.org\/{rel}","templated":true}]}}